{"id":3434,"date":"2024-11-21T11:56:28","date_gmt":"2024-11-21T10:56:28","guid":{"rendered":"https:\/\/sanvida.ch\/kuenye\/"},"modified":"2025-04-07T16:51:05","modified_gmt":"2025-04-07T14:51:05","slug":"kuenye","status":"publish","type":"page","link":"https:\/\/sanvida.ch\/tr\/kuenye\/","title":{"rendered":"K\u00fcnye"},"content":{"rendered":"\t\t<div data-elementor-type=\"wp-page\" data-elementor-id=\"3434\" class=\"elementor elementor-3434 elementor-479\" data-elementor-post-type=\"page\">\n\t\t\t\t<div class=\"elementor-element elementor-element-4833917 e-flex e-con-boxed e-con e-parent\" data-id=\"4833917\" data-element_type=\"container\" data-e-type=\"container\">\n\t\t\t\t\t<div class=\"e-con-inner\">\n\t\t\t\t<div class=\"elementor-element elementor-element-91d7fa8 elementor-widget elementor-widget-heading\" data-id=\"91d7fa8\" data-element_type=\"widget\" data-e-type=\"widget\" data-widget_type=\"heading.default\">\n\t\t\t\t<div class=\"elementor-widget-container\">\n\t\t\t\t\t<h2 class=\"elementor-heading-title elementor-size-default\">Web tasar\u0131m<\/h2>\t\t\t\t<\/div>\n\t\t\t\t<\/div>\n\t\t\t\t<div class=\"elementor-element elementor-element-0629d4b elementor-widget elementor-widget-text-editor\" data-id=\"0629d4b\" data-element_type=\"widget\" data-e-type=\"widget\" data-widget_type=\"text-editor.default\">\n\t\t\t\t<div class=\"elementor-widget-container\">\n\t\t\t\t\t\t\t\t\t<p><strong>Konsept, tasar\u0131m ve programlama<\/strong>:<br>AM Consulting &amp; Management GmbH<br>info(at)am-cm.ch<br><a href=\"https:\/\/am-cm.ch\" target=\"_blank\" rel=\"noopener\">www.am-cm.ch<\/a><\/p>\t\t\t\t\t\t\t\t<\/div>\n\t\t\t\t<\/div>\n\t\t\t\t<div class=\"elementor-element elementor-element-8d89df0 elementor-widget elementor-widget-heading\" data-id=\"8d89df0\" data-element_type=\"widget\" data-e-type=\"widget\" data-widget_type=\"heading.default\">\n\t\t\t\t<div class=\"elementor-widget-container\">\n\t\t\t\t\t<h1 class=\"elementor-heading-title elementor-size-default\">K\u00fcnye<\/h1>\t\t\t\t<\/div>\n\t\t\t\t<\/div>\n\t\t\t\t<div class=\"elementor-element elementor-element-54c77f6 elementor-widget elementor-widget-text-editor\" data-id=\"54c77f6\" data-element_type=\"widget\" data-e-type=\"widget\" data-widget_type=\"text-editor.default\">\n\t\t\t\t<div class=\"elementor-widget-container\">\n\t\t\t\t\t\t\t\t\t<p><strong>\u0130leti\u015fim adresi<\/strong><br>Sanvida Group AG<br>Thurgauerstrasse 117, 8152 Glattpark<br>\u0130svi\u00e7re<\/p><p>E-posta: info(at)sanvida.ch<br>Telefon: +41 44 311 30 31<\/p><p><b>Yetkili temsilci<br><\/b>Veronica Iglesias<\/p><p><strong>Ticari<\/strong> sicil kayd\u0131<br>Sanvida Group AG<br>Ticari sicil no: CHE-279.444.071<br>Z\u00fcrih Kantonu Ticari Sicil Dairesi<\/p><p>Sorumluluk <b>Reddi<\/b><br>Yazar, bilgilerin do\u011frulu\u011fu, kesinli\u011fi, g\u00fcncelli\u011fi, g\u00fcvenilirli\u011fi ve eksiksizli\u011fi ile ilgili olarak hi\u00e7bir sorumluluk kabul etmez.<\/p><p>Yay\u0131mlanan bilgilere eri\u015fimden veya bu bilgilerin kullan\u0131lmas\u0131ndan veya kullan\u0131lmamas\u0131ndan, ba\u011flant\u0131n\u0131n k\u00f6t\u00fcye kullan\u0131lmas\u0131ndan veya teknik ar\u0131zalardan kaynaklanan maddi veya manevi zararlar i\u00e7in yazara kar\u015f\u0131 sorumluluk talepleri hari\u00e7 tutulmu\u015ftur.<\/p><p>T\u00fcm teklifler ba\u011flay\u0131c\u0131 de\u011fildir. Yazar, sayfalar\u0131n baz\u0131 b\u00f6l\u00fcmlerini veya teklifin tamam\u0131n\u0131 \u00f6nceden haber vermeksizin de\u011fi\u015ftirme, tamamlama veya silme ya da yay\u0131n\u0131 ge\u00e7ici veya kal\u0131c\u0131 olarak durdurma hakk\u0131n\u0131 a\u00e7\u0131k\u00e7a sakl\u0131 tutar. Yazar, her t\u00fcrl\u00fc yat\u0131r\u0131m\u0131n riske tabi oldu\u011funu a\u00e7\u0131k\u00e7a belirtmektedir. Bu nedenle yazar, meydana gelen herhangi bir kay\u0131p i\u00e7in hi\u00e7bir sorumluluk veya garanti kabul etmez. Riski dikkatli bir \u015fekilde analiz etmek tamamen yat\u0131r\u0131mc\u0131n\u0131n sorumlulu\u011fundad\u0131r.    <\/p><p><b>Ba\u011flant\u0131lar i\u00e7in<\/b>sorumluluk reddi <b><br> \u00dc\u00e7\u00fcnc\u00fc taraf web sitelerine yap\u0131lan referanslar ve ba\u011flant\u0131lar sorumluluk alan\u0131m\u0131z\u0131n d\u0131\u015f\u0131ndad\u0131r. Bu t\u00fcr web siteleri i\u00e7in herhangi bir sorumluluk kabul edilmemektedir. Bu t\u00fcr web sitelerine eri\u015fim ve kullan\u0131m riski kullan\u0131c\u0131n\u0131n kendisine aittir.<\/b>  <\/p><p>Telif <b>Hakk\u0131<\/b><br>Bu web sitesindeki i\u00e7erik, g\u00f6r\u00fcnt\u00fc, foto\u011fraf veya di\u011fer dosyalar\u0131n telif hakk\u0131 ve di\u011fer t\u00fcm haklar\u0131 yaln\u0131zca Sanvida Group AG&#8217;ye veya hak sahiplerine aittir. Herhangi bir unsurun \u00e7o\u011falt\u0131lmas\u0131 i\u00e7in telif hakk\u0131 sahibinin yaz\u0131l\u0131 onay\u0131 \u00f6nceden al\u0131nmal\u0131d\u0131r. <\/p>\t\t\t\t\t\t\t\t<\/div>\n\t\t\t\t<\/div>\n\t\t\t\t\t<\/div>\n\t\t\t\t<\/div>\n\t\t\t\t<\/div>\n\t\t","protected":false},"excerpt":{"rendered":"<p>Web tasar\u0131m Konsept, tasar\u0131m ve programlama:AM Consulting &amp; Management GmbHinfo(at)am-cm.chwww.am-cm.ch K\u00fcnye \u0130leti\u015fim adresiSanvida Group AGThurgauerstrasse 117, 8152 Glattpark\u0130svi\u00e7re E-posta: info(at)sanvida.chTelefon: +41 44 311 30 31 Yetkili temsilciVeronica Iglesias Ticari sicil kayd\u0131Sanvida Group AGTicari sicil no: CHE-279.444.071Z\u00fcrih Kantonu Ticari Sicil Dairesi Sorumluluk ReddiYazar, bilgilerin do\u011frulu\u011fu, kesinli\u011fi, g\u00fcncelli\u011fi, g\u00fcvenilirli\u011fi ve eksiksizli\u011fi ile ilgili olarak hi\u00e7bir sorumluluk kabul [&hellip;]<\/p>\n","protected":false},"author":1,"featured_media":0,"parent":0,"menu_order":8,"comment_status":"closed","ping_status":"closed","template":"elementor_header_footer","meta":{"footnotes":""},"class_list":["post-3434","page","type-page","status-publish","hentry"],"_links":{"self":[{"href":"https:\/\/sanvida.ch\/tr\/wp-json\/wp\/v2\/pages\/3434","targetHints":{"allow":["GET"]}}],"collection":[{"href":"https:\/\/sanvida.ch\/tr\/wp-json\/wp\/v2\/pages"}],"about":[{"href":"https:\/\/sanvida.ch\/tr\/wp-json\/wp\/v2\/types\/page"}],"author":[{"embeddable":true,"href":"https:\/\/sanvida.ch\/tr\/wp-json\/wp\/v2\/users\/1"}],"replies":[{"embeddable":true,"href":"https:\/\/sanvida.ch\/tr\/wp-json\/wp\/v2\/comments?post=3434"}],"version-history":[{"count":1,"href":"https:\/\/sanvida.ch\/tr\/wp-json\/wp\/v2\/pages\/3434\/revisions"}],"predecessor-version":[{"id":3435,"href":"https:\/\/sanvida.ch\/tr\/wp-json\/wp\/v2\/pages\/3434\/revisions\/3435"}],"wp:attachment":[{"href":"https:\/\/sanvida.ch\/tr\/wp-json\/wp\/v2\/media?parent=3434"}],"curies":[{"name":"wp","href":"https:\/\/api.w.org\/{rel}","templated":true}]}}